{"id":2321,"date":"2023-02-07T14:33:54","date_gmt":"2023-02-07T12:33:54","guid":{"rendered":"https:\/\/dasmedias.ro\/?page_id=2321"},"modified":"2023-03-29T12:05:54","modified_gmt":"2023-03-29T09:05:54","slug":"cresa","status":"publish","type":"page","link":"https:\/\/dasmedias.ro\/index.php\/unitati\/cresa\/","title":{"rendered":"Cre\u015fa"},"content":{"rendered":"<p><strong>Cre\u015fa <\/strong>din cadrul D.A.S. Media\u0219,\u00a0 se afla \u00een subordinea Direc\u0163iei de Asisten\u0163\u0103 Social\u0103, ofer\u0103 servicii\u00a0 specializate cu caracter social, medical, educa\u0163ional pentru cre\u015fterea, \u00eengrijirea \u015fi educarea timpurie a copiilor cu v\u00e2rste cuprinse \u00eentre 0 luni \u015fi 4 ani.<\/p>\n<p>Orar de func\u0163ionare \u2013 program zilnic \u00eentre orele 6,00 \u2013 16,00<\/p>\n<p>Misiunea Cre\u015fei este de a asigura servicii de \u00eengrijire, supraveghere a copiilor care frecventeaz\u0103 cre\u015fa \u015fi a dezvolte programe de educa\u0163ie timpurie adecvate v\u00e2rstei, nevoilor, poten\u0163ialului de dezvoltare \u015fi particularit\u0103\u0163ilor acestora.<\/p>\n<p>Beneficiarii de servicii acordate de cre\u015fe sunt copiii cet\u0103\u0163enilor cu domiciliul sau re\u015fedin\u0163a \u00een municipiul Media\u015f sau sat apar\u021bin\u0103tor Ighi\u0219ul Nou cu v\u00e2rste cuprinse \u00eentre 0 luni \u015fi 4 ani.<\/p>\n<p>Obiectivele Cre\u015fei sunt\u00a0:<\/p>\n<p>a)\u00a0s\u0103 acorde servicii de \u00eengrijire \u015fi supraveghere a copiilor cu v\u00e2rste cuprinse \u00eentre 0 luni \u015fi 4 ani ;<br \/>\nb) s\u0103 dezvolte un program de educa\u0163ie timpurie adecvat v\u00e2rstei, nevoilor, poten\u0163ialului de dezvoltare \u015fi particularit\u0103\u0163ile copiilor cu v\u00e2rste cuprinse \u00eentre 0 luni \u015fi 4 ani ;<br \/>\nc)\u00a0s\u0103 supravegheze, s\u0103 men\u0163in\u0103 starea de s\u0103n\u0103tate \u015fi de igiena a copiilor \u015fi s\u0103 acorde primul ajutor \u015fi \u00eengrijirile medicale necesare \u00een caz de \u00eemboln\u0103vire, p\u00e2n\u0103 la momentul prelu\u0103rii copilului de c\u0103tre sus\u0163in\u0103torul legal sau al intern\u0103rii \u00eentr-o unitate medical\u0103, dup\u0103 caz\u00a0;<br \/>\nd)\u00a0s\u0103 asigure\u00a0 nutri\u0163ia copiilor cu respectarea normelor legale \u00een vigoare\u00a0;<br \/>\ne)\u00a0s\u0103 colaboreze cu familiile copiilor care frecventeaz\u0103 cre\u015fa \u015fi s\u0103 realizeze o rela\u0163ie de parteneriat activ cu p\u0103rin\u0163ii\/reprezentan\u0163ii legali \u00een vederea respect\u0103rii interesului copilului\u00a0;<br \/>\nf)\u00a0s\u0103 ofere consiliere \u015fi sprijin pentru p\u0103rin\u0163ii\/reprezentan\u0163ii legali ai copiilor\u00a0;<br \/>\ng)\u00a0s\u0103 contribuie la depistarea precoce a situa\u0163iilor de risc care pot determina separarea copilului de p\u0103rin\u0163ii s\u0103i\u00a0;<br \/>\nh)\u00a0s\u0103 asigure baza tehnico-materiala necesar\u0103 activit\u0103\u0163ilor\u00a0 de dezvoltare a deprinderilor \u015fi abilita\u0163ilor copiilor cu v\u00e2rste cuprinse \u00eentre 0 luni \u015fi 4 ani;<\/p>\n<p>Principiile care stau la baza activit\u0103\u0163ii Cre\u015felor sunt\u00a0:<\/p>\n<p>a)\u00a0respectarea \u015fi promovarea cu prioritate a interesului superior al copilului, egalitatea \u015fanselor \u015fi nediscriminarea\u00a0;<br \/>\nb)\u00a0asigurarea unei \u00eengrijiri individualizate \u015fi personalizate a copilului\u00a0;<br \/>\nc)\u00a0asigurarea protec\u0163iei \u00eempotriva abuzului \u015fi exploat\u0103rii copilului\u00a0;<br \/>\nd) asigurarea unei interven\u0163ii profesioniste, prin echipe pluridisciplinare\u00a0;<br \/>\ne)\u00a0asigurarea confiden\u0163ialit\u0103\u0163ii \u015fi a eticii profesionale\u00a0;<br \/>\nf)\u00a0responsabilizarea p\u0103rin\u0163ilor cu privire la exercitarea \u00a0drepturilor \u015fi \u00eendeplinirea obliga\u0163iilor p\u0103rinte\u015fti\u00a0;<br \/>\ng)\u00a0primordialitatea responsabilit\u0103\u0163ii p\u0103rin\u0163ilor cu privire la respectarea \u015fi garantarea drepturilor copilului\u00a0;<br \/>\nh)\u00a0\u00eembun\u0103t\u0103\u0163irea continu\u0103 a calit\u0103\u0163ii\u00a0;<\/p>\n<p><strong>Admiterea \u00een cre\u015f\u0103 se face\u00a0 pe baza unui dosar care va con\u0163ine urm\u0103toarele acte:<\/strong><\/p>\n<ol>\n<li style=\"list-style-type: none;\">\n<ol>\n<li>cerere adresat\u0103 D.A.S. Media\u015f\u00a0\u00a0\u00a0\u00a0\u00a0 <a href=\"https:\/\/dasmedias.ro\/wp-content\/uploads\/2023\/03\/cresa.doc\">Descarc\u0103\u00a0 Cerere<\/a><\/li>\n<li>copii dup\u0103 actele de identitate:- copil\/ p\u0103rin\u0163i\/ reprezentan\u0163i legali<\/li>\n<li>acte medicale care s\u0103 ateste faptul c\u0103 poate frecventa colectivitatea (aviz epidemiologic)<\/li>\n<li>\u00een cazul \u00een care copilul are antecedente medicale patologice, la intrarea \u00een colectivitate se impune \u015fi opinia medicului cu privire la posibilitatea men\u0163inerii st\u0103rii de s\u0103n\u0103tate a copilului respectiv (ex.Tulbur\u0103ri de metabolism ca \u015fi fenilcetonuria, sau boli ca \u015fi epilepsia, etc)<\/li>\n<li>examenul coproparazitologic \u015fi coprocultura al copilului<\/li>\n<li>adeverin\u0163a cu vaccin\u0103rile copilului<\/li>\n<li>adeverin\u0163a de la locul de munc\u0103 mama\/tata<\/li>\n<li>sentin\u0163a de divor\u0163\/ copie certificat deces, unde este cazul<\/li>\n<li>decizie de acordare a indemniza\u0163iei pentru cre\u015fterea copilului, dac\u0103 este cazul<\/li>\n<li>adeverin\u0163a de la unitatea de \u00eenv\u0103\u0163\u0103m\u00e2nt frecventat\u0103 la forma de zi, dac\u0103 este cazul<\/li>\n<li>clinic s\u0103n\u0103tos pentru ambii p\u0103rin\u0163i<\/li>\n<li>copie xerox exudat faringian<\/li>\n<\/ol>\n<\/li>\n<\/ol>\n<p>&nbsp;<\/p>\n<p><a href=\"https:\/\/novatv.ro\/2021\/12\/in-vizita-la-cea-mai-noua-cresa-din-medias\/\" target=\"_blank\" rel=\"noopener\">\u00cen vizit\u0103 la cea mai nou\u0103 cre\u0219\u0103 din Media\u0219 &#8211; citeste articolul<\/a><\/p>\n<p><iframe title=\"YouTube video player\" src=\"https:\/\/www.youtube.com\/embed\/REY3L_Xfxr0\" width=\"560\" height=\"315\" frameborder=\"0\" allowfullscreen=\"allowfullscreen\"><\/iframe><\/p>\n<p>Mai multe detalii si o galerie de imagini gasiti in linkul: <a href=\"https:\/\/www.cresa3medias.ro\/galerie-imagini\/\" target=\"_blank\" rel=\"noopener\">https:\/\/www.cresa3medias.ro\/galerie-imagini\/<\/a><\/p>\n","protected":false},"excerpt":{"rendered":"<p>Cre\u015fa din cadrul D.A.S. Media\u0219,\u00a0 se afla \u00een subordinea Direc\u0163iei de Asisten\u0163\u0103 Social\u0103, ofer\u0103 servicii\u00a0 specializate cu caracter social, medical, educa\u0163ional pentru cre\u015fterea, \u00eengrijirea \u015fi educarea timpurie a copiilor cu v\u00e2rste cuprinse \u00eentre 0 luni \u015fi 4 ani. Orar de func\u0163ionare \u2013 program zilnic \u00eentre orele 6,00 \u2013 16,00 Misiunea Cre\u015fei este de a asigura servicii de \u00eengrijire, supraveghere a [&hellip;]<\/p>\n","protected":false},"author":1,"featured_media":0,"parent":2317,"menu_order":0,"comment_status":"closed","ping_status":"closed","template":"","meta":{"footnotes":""},"class_list":["post-2321","page","type-page","status-publish","hentry"],"_links":{"self":[{"href":"https:\/\/dasmedias.ro\/index.php\/wp-json\/wp\/v2\/pages\/2321","targetHints":{"allow":["GET"]}}],"collection":[{"href":"https:\/\/dasmedias.ro\/index.php\/wp-json\/wp\/v2\/pages"}],"about":[{"href":"https:\/\/dasmedias.ro\/index.php\/wp-json\/wp\/v2\/types\/page"}],"author":[{"embeddable":true,"href":"https:\/\/dasmedias.ro\/index.php\/wp-json\/wp\/v2\/users\/1"}],"replies":[{"embeddable":true,"href":"https:\/\/dasmedias.ro\/index.php\/wp-json\/wp\/v2\/comments?post=2321"}],"version-history":[{"count":8,"href":"https:\/\/dasmedias.ro\/index.php\/wp-json\/wp\/v2\/pages\/2321\/revisions"}],"predecessor-version":[{"id":2712,"href":"https:\/\/dasmedias.ro\/index.php\/wp-json\/wp\/v2\/pages\/2321\/revisions\/2712"}],"up":[{"embeddable":true,"href":"https:\/\/dasmedias.ro\/index.php\/wp-json\/wp\/v2\/pages\/2317"}],"wp:attachment":[{"href":"https:\/\/dasmedias.ro\/index.php\/wp-json\/wp\/v2\/media?parent=2321"}],"curies":[{"name":"wp","href":"https:\/\/api.w.org\/{rel}","templated":true}]}}